{"id":5535,"date":"2018-01-21T20:29:06","date_gmt":"2018-01-21T19:29:06","guid":{"rendered":"http:\/\/shop.skyman.aero\/shop\/hike-2\/"},"modified":"2022-05-27T16:24:08","modified_gmt":"2022-05-27T14:24:08","slug":"hike-2","status":"publish","type":"product","link":"https:\/\/shop.skyman.aero\/fr\/shop\/hike-2\/","title":{"rendered":"Hike"},"content":{"rendered":"<p><em>Hike<\/em>\u00a0est une sellette r\u00e9versible extr\u00eamement l\u00e9g\u00e8re et confortable. La sellette sans planchette d&#8217;assise dispose d\u2019un grand sac \u00e0 dos r\u00e9versible pour tout l\u2019\u00e9quipement de vol. Maintenant Hike est disponible en deux tailles. Gr\u00e2ce \u00e0 d\u00e9tails raisonn\u00e9s, comme les bandes de fixation pour les b\u00e2tons etc., la sellette est optimal pour le vol bivouac et les voyages.<\/p>\n<ul>\n<li>Certifi\u00e9 selon EN1651, et de concert avec la protection airbag \u00e9galement selon LTF 91\/09<\/li>\n<li>Dossier et sangles pour les jambes pr\u00e9-form\u00e9s<\/li>\n<li>Sangles pour les jambes et pectorale combin\u00e9es autobloquantes<\/li>\n<li>Poulies de guidage pour syst\u00e8me d\u2019acc\u00e9l\u00e9rateur<\/li>\n<li>Suspension pour parachute de secours int\u00e9gr\u00e9e au niveau de l\u2019\u00e9paule<\/li>\n<li>Dossier de sac \u00e0 dos ergonomique avec empi\u00e8cements respirants en mailles et sangles d\u2019\u00e9paule larges<\/li>\n<li>Volume du sac \u00e0 dos \u00e9lev\u00e9 et extensible gr\u00e2ce \u00e0 des bandes \u00e9lastiques<\/li>\n<li>Large sangle de hanche r\u00e9glable<\/li>\n<li>Bandes de fixation sur le sac \u00e0 dos pour des accessoires (crampons, piolets etc.)<\/li>\n<li>De nombreux espaces de rangement suppl\u00e9mentaires<\/li>\n<\/ul>\n<table>\n<tbody>\n<tr>\n<td>Taille<\/td>\n<td>M<\/td>\n<td>L<\/td>\n<\/tr>\n<tr>\n<td>Taille du pilote<\/td>\n<td>155 &#8211; 185 cm<\/td>\n<td>175 &#8211; 202 cm<\/td>\n<\/tr>\n<tr>\n<td>Poids suspendu max.<\/td>\n<td>120 kg<\/td>\n<td>120 kg<\/td>\n<\/tr>\n<tr>\n<td>Poids de la sellette<\/td>\n<td>1,5kg<\/td>\n<td>1,55kg<\/td>\n<\/tr>\n<tr>\n<td>Poids du airbag<\/td>\n<td>0,29 kg<\/td>\n<td>0,29 kg<\/td>\n<\/tr>\n<tr>\n<td>Hauteur d&#8217;ancrage<\/td>\n<td>50 cm<\/td>\n<td>50 cm<\/td>\n<\/tr>\n<tr>\n<td>Largeur des cuissardes<\/td>\n<td>22 cm<\/td>\n<td>22 cm<\/td>\n<\/tr>\n<tr>\n<td>Profondeur d&#8217;assise<\/td>\n<td>39 cm<\/td>\n<td>42 cm<\/td>\n<\/tr>\n<tr>\n<td>Volume du sac \u00e0 dos<\/td>\n<td>63 l<\/td>\n<td>63 l<\/td>\n<\/tr>\n<tr>\n<td>Homologation<\/td>\n<td>EN1651<\/td>\n<td>EN1651<\/td>\n<\/tr>\n<tr>\n<td>Homologation avec airbag<\/td>\n<td>EN1651<br \/>\nLTF 91\/09<\/td>\n<td>EN1651<br \/>\nLTF 91\/09<\/td>\n<\/tr>\n<\/tbody>\n<\/table>\n<p>&nbsp;<\/p>\n","protected":false},"excerpt":{"rendered":"<p>Sellette reversible, tr\u00e8s l\u00e9g\u00e8re<\/p>\n","protected":false},"featured_media":5192,"template":"","meta":[],"pwb-brand":[866],"product_brand":[],"product_cat":[1860],"product_tag":[],"class_list":{"0":"post-5535","1":"product","2":"type-product","3":"status-publish","4":"has-post-thumbnail","6":"pwb-brand-independence-2","7":"product_cat-gurtzeuge-fr","8":"pa_art-des-gurtzeugs-leichtgurtzeug-fr","9":"pa_art-des-gurtzeugs-wendegurtzeug-fr","10":"pa_farbe-blanc","11":"pa_farbe-bleu","12":"pa_farbe-bleu-gris","13":"pa_farbe-bleu-vert","14":"pa_farbe-gris","15":"pa_farbe-gris-fonce","16":"pa_farbe-jaune","17":"pa_farbe-lime-fr","18":"pa_farbe-noir","19":"pa_farbe-or","20":"pa_farbe-oranges","21":"pa_farbe-rouge","22":"pa_farbe-verde","23":"pa_farbe-vert-rouge","24":"pa_geeignet-insbesondere-fur-allround-fr","25":"pa_geeignet-insbesondere-fur-einsteiger-fr","26":"pa_geeignet-insbesondere-fur-gleitschirme-fr","27":"pa_geeignet-insbesondere-fur-hike-fly-fr","28":"pa_geeignet-insbesondere-fur-speed-fly-acro-fr","29":"pa_google-kategorie-sporting-goods-air-sports-fr","30":"pa_grobe-xs-fr","31":"pa_grobe-s-fr","32":"pa_grobe-m-2-fr","33":"pa_grobe-l-3-fr","34":"pa_grobe-xl-fr","35":"pa_grobe-xxl-fr","36":"pa_grobe-3xl-fr","37":"pa_grobe-one-size-fr","38":"pa_liefertermin-innerhalb-ca-3-5-werktagen-fr","39":"pa_optional-keine-fr","40":"pa_optional-mit-airbag-2-fr","41":"pa_recco-mit-recco-reflektor-fr","42":"pa_zustand-neu-fr","44":"first","45":"instock","46":"taxable","47":"shipping-taxable","48":"purchasable","49":"product-type-variable"},"brands":[{"id":866,"name":"independence","slug":"independence-2"}],"_links":{"self":[{"href":"https:\/\/shop.skyman.aero\/fr\/wp-json\/wp\/v2\/product\/5535","targetHints":{"allow":["GET"]}}],"collection":[{"href":"https:\/\/shop.skyman.aero\/fr\/wp-json\/wp\/v2\/product"}],"about":[{"href":"https:\/\/shop.skyman.aero\/fr\/wp-json\/wp\/v2\/types\/product"}],"wp:featuredmedia":[{"embeddable":true,"href":"https:\/\/shop.skyman.aero\/fr\/wp-json\/wp\/v2\/media\/5192"}],"wp:attachment":[{"href":"https:\/\/shop.skyman.aero\/fr\/wp-json\/wp\/v2\/media?parent=5535"}],"wp:term":[{"taxonomy":"pwb-brand","embeddable":true,"href":"https:\/\/shop.skyman.aero\/fr\/wp-json\/wp\/v2\/pwb-brand?post=5535"},{"taxonomy":"product_brand","embeddable":true,"href":"https:\/\/shop.skyman.aero\/fr\/wp-json\/wp\/v2\/product_brand?post=5535"},{"taxonomy":"product_cat","embeddable":true,"href":"https:\/\/shop.skyman.aero\/fr\/wp-json\/wp\/v2\/product_cat?post=5535"},{"taxonomy":"product_tag","embeddable":true,"href":"https:\/\/shop.skyman.aero\/fr\/wp-json\/wp\/v2\/product_tag?post=5535"}],"curies":[{"name":"wp","href":"https:\/\/api.w.org\/{rel}","templated":true}]}}